{"id":68417,"date":"2024-11-20T11:45:25","date_gmt":"2024-11-20T10:45:25","guid":{"rendered":"https:\/\/mechanik.slupsk.pl\/?page_id=68417"},"modified":"2024-11-21T14:00:01","modified_gmt":"2024-11-21T13:00:01","slug":"szkola-zawodowa-szkola-dobrego-wyboru-podniesienie-jakosci-efs","status":"publish","type":"page","link":"https:\/\/www.weiland.webd.pl\/mechanik80\/szkola-zawodowa-szkola-dobrego-wyboru-podniesienie-jakosci-efs\/","title":{"rendered":"Szko\u0142a zawodowa szko\u0142\u0105 dobrego wyboru \u2013 podniesienie jako\u015bci edukacji w ponadpodstawowych szko\u0142ach zawodowych (EFS+)"},"content":{"rendered":"<p><div class=\"et_d4_element et_pb_section et_pb_section_0 et_pb_with_background  et_pb_css_mix_blend_mode et_section_regular et_block_section\" >\n\t\t\t\t\n\t\t\t\t\n\t\t\t\t\n\t\t\t\t\n\t\t\t\t\n\t\t\t\t\n\t\t\t\t<div class=\"et_d4_element et_pb_row et_pb_row_0  et_pb_css_mix_blend_mode et_block_row\">\n\t\t\t\t<div class=\"et_d4_element et_pb_column_4_4 et_pb_column et_pb_column_0  et_pb_css_mix_blend_mode et-last-child et_block_column\">\n\t\t\t\t\n\t\t\t\t\n\t\t\t\t\n\t\t\t\t\n\t\t\t\t<div class=\"et_pb_module et_d4_element et_pb_text et_pb_text_0  et_pb_text_align_center et_pb_bg_layout_dark\">\n\t\t\t\t\n\t\t\t\t\n\t\t\t\t\n\t\t\t\t\n\t\t\t\t<div class=\"et_pb_text_inner\"><p style=\"text-align: center;\">Szko\u0142a zawodowa szko\u0142\u0105 dobrego wyboru<\/p><\/div>\n\t\t\t<\/div>\n\t\t\t<\/div>\n\t\t\t\t\n\t\t\t\t\n\t\t\t\t\n\t\t\t\t\n\t\t\t<\/div>\n\t\t\t\t\n\t\t\t\t\n\t\t\t<\/div><div class=\"et_d4_element et_pb_section et_pb_section_1  et_pb_css_mix_blend_mode et_section_regular et_block_section\" >\n\t\t\t\t\n\t\t\t\t\n\t\t\t\t\n\t\t\t\t\n\t\t\t\t\n\t\t\t\t\n\t\t\t\t<div class=\"et_d4_element et_pb_row et_pb_row_1  et_pb_css_mix_blend_mode et_block_row\">\n\t\t\t\t<div class=\"et_d4_element et_pb_column_4_4 et_pb_column et_pb_column_1  et_pb_css_mix_blend_mode et-last-child et_block_column\">\n\t\t\t\t\n\t\t\t\t\n\t\t\t\t\n\t\t\t\t\n\t\t\t\t<div class=\"et_pb_module et_d4_element et_pb_image et_pb_image_0\">\n\t\t\t\t\n\t\t\t\t\n\t\t\t\t\n\t\t\t\t\n\t\t\t\t<span class=\"et_pb_image_wrap \"><img loading=\"lazy\" decoding=\"async\" width=\"2492\" height=\"224\" src=\"https:\/\/www.weiland.webd.pl\/mechanik80\/wp-content\/uploads\/2024\/11\/naglowek.png\" alt=\"\" title=\"naglowek\" srcset=\"https:\/\/www.weiland.webd.pl\/mechanik80\/wp-content\/uploads\/2024\/11\/naglowek.png 2492w, https:\/\/www.weiland.webd.pl\/mechanik80\/wp-content\/uploads\/2024\/11\/naglowek-1280x115.png 1280w, https:\/\/www.weiland.webd.pl\/mechanik80\/wp-content\/uploads\/2024\/11\/naglowek-980x88.png 980w, https:\/\/www.weiland.webd.pl\/mechanik80\/wp-content\/uploads\/2024\/11\/naglowek-480x43.png 480w\" sizes=\"(min-width: 0px) and (max-width: 480px) 480px, (min-width: 481px) and (max-width: 980px) 980px, (min-width: 981px) and (max-width: 1280px) 1280px, (min-width: 1281px) 2492px, 100vw\" class=\"wp-image-68423\" \/><\/span>\n\t\t\t<\/div><div class=\"et_pb_module et_d4_element et_pb_text et_pb_text_1  et_pb_text_align_left et_pb_bg_layout_light\">\n\t\t\t\t\n\t\t\t\t\n\t\t\t\t\n\t\t\t\t\n\t\t\t\t<div class=\"et_pb_text_inner\"><p>Szko\u0142a zawodowa szko\u0142\u0105 dobrego wyboru \u2013 podniesienie jako\u015bci edukacji w ponadpodstawowych szko\u0142ach zawodowych (EFS+)<\/p>\n<p>W dniu 16 pa\u017adziernika 2024 r. podpisana zosta\u0142a z Marsza\u0142kiem Wojew\u00f3dztwa Pomorskiego umowa o dofinansowanie projektu \u201eSzko\u0142a zawodowa szko\u0142\u0105 dobrego wyboru \u2013 podniesienie jako\u015bci edukacji w ponadpodstawowych szko\u0142ach zawodowych (EFS+)\u201d. Projekt jest wsp\u00f3\u0142finansowanego z Europejskiego Funduszu Spo\u0142ecznego Plus w ramach programu regionalnego Fundusze Europejskie dla Pomorza 2021-2027.<br \/>Celem realizacji projektu i zaplanowanych dzia\u0142a\u0144 jest podniesienie jako\u015bci szkolnictwa zawodowego w trzech s\u0142upskich szko\u0142ach zawodowych poprzez dostosowanie tych szk\u00f3\u0142 do zmieniaj\u0105cej si\u0119 gospodarki, w szczeg\u00f3lno\u015bci do potrzeb bran\u017c kluczowych dla regionu.<br \/>Grup\u0105 docelow\u0105 projektu jest 695 uczni\u00f3w i 36 nauczycieli kszta\u0142cenia zawodowego z trzech szk\u00f3\u0142: Zesp\u00f3\u0142 Szk\u00f3\u0142 \"ELEKTRYK\u201d, Zesp\u00f3\u0142 Szk\u00f3\u0142 Technicznych (ZST) oraz Zesp\u00f3\u0142 Szk\u00f3\u0142 Mechanicznych i Logistycznych (ZSMiL).<br \/>Dzia\u0142ania w ramach projektu obejmuj\u0105:<br \/>\u2981 wsparcie dla uczni\u00f3w w zakresie organizacji sta\u017cy zawodowych (realizowanych u pracodawc\u00f3w), doradztwo zawodowe, przeprowadzenie kurs\u00f3w, szkole\u0144, zaj\u0119\u0107 specjalistycznych i laboratoryjnych, wyjazd\u00f3w studyjnych. Wy\u017cej wymienione dzia\u0142ania przyczyni\u0105 si\u0119 do zwi\u0119kszenia umiej\u0119tno\u015bci i podniesienia kwalifikacji zawodowych uczni\u00f3w;<br \/>\u2981 wsparcie nauczycieli w zakresie studi\u00f3w podyplomowych, kurs\u00f3w, szkole\u0144 udoskonalaj\u0105cych, warsztat\u00f3w, udzia\u0142u w konferencjach bran\u017cowych i forach. Zaplanowane formy wsparcia przyczyni\u0105 si\u0119 do uzyskania nowych kwalifikacji zawodowych, bardzo oczekiwanych ze wzgl\u0119du na dynamik\u0119 rynku pracy<br \/>i rozwoju technologii;<br \/>\u2981 zakup wyposa\u017cenia i pomocy dydaktycznych \u2013 pozwoli nauczycielom na realizacj\u0119 wymaga\u0144 programowych z wykorzystaniem nowych technologii<br \/>i rozwi\u0105za\u0144 w bran\u017cach, a uczniom na zdobycie praktycznych umiej\u0119tno\u015bci i efektywne przygotowanie do egzaminu zawodowego i podj\u0119cia pracy w zawodzie.<br \/>Rezultatem projektu b\u0119dzie podniesienie kwalifikacji i umiej\u0119tno\u015bci zawodowych uczni\u00f3w poprzez udzia\u0142 w wielu zawodowych szkoleniach i warsztatach oraz dzi\u0119ki praktycznej nauce zawodu i pracy na nowoczesnym sprz\u0119cie i nowych technologiach. Rezultatem b\u0119dzie r\u00f3wnie\u017c podniesienie kwalifikacji i umiej\u0119tno\u015bci nauczycieli kszta\u0142cenia zawodowego poprzez udzia\u0142 w szkoleniach, warsztatach<br \/>i studiach podyplomowych.<br \/>Ca\u0142kowita warto\u015b\u0107 projektu: 9 182 102,00 z\u0142<br \/><strong>Dofinansowanie: 8\u00a0263\u00a0891,80 z\u0142, w tym:<\/strong><br \/>- Wysoko\u015b\u0107 wk\u0142adu z Funduszy Europejskich:\u00a07\u00a0804\u00a0786,70 z\u0142<br \/>- wsp\u00f3\u0142finansowanie ze \u015brodk\u00f3w bud\u017cetu pa\u0144stwa: 459\u00a0105,10 z\u0142<br \/>Wk\u0142ad w\u0142asny Beneficjenta: 918 210,20 z\u0142<br \/>Okres realizacji: od roku 2024 do roku 2028<\/p>\n<p><a attributionsrc=\"\/privacy_sandbox\/comet\/register\/source\/?xt=AZW8BOMUFrTnsafRY0ulAPJVXslLpj9Sw_7KD6k6UQMwhwPtsXcNu1khmTvhu-vsnfPuTz1TVXceIq7I5V_NMLYHlvihRJOGqYcxvydb0MLqfPWLczX5IH4M7hE9Vo40QGSe6ELZRgc5Mk9U-wsd8hBnSkk41HumLPCC0uC4sqvVXbs0k6lq2Bxaefh1v9DE9zChXJ5QKxOx7x8NacSO2lhsta5jrBAqJimZ4DpO-2iczKNBtXFi9CCosy-5g8mO1QbwGZiTh-A3acvqNEEZA43hHRfIyxvU8ib4vKQh2WDfRLqImGAFwAE4W1Ol7udsbonaSV3IIgZQbhDy3n3F_XH21vxIKQ14Cl71ocrhtlNY-r8idX5FHlyM4U_PAyHUBZ4G25H7Bg6MSEdUCjLA0J05Ee3FiRPz7ebd7KTXnB5Ay9x_OomATHaQmvZP2BToHMxiisCvZ2gpRsspcLGBGER5NMYMQyus4gv1Cf7HPKMEWF8l7gJ7mPnuXG3mzP1D4QDFYIj5zifU7XjLS6xoNmcMA2OQbPzH0E8qdxQ4dug3Q41h9hBtx_DnDKpZKhat1Q2EAcVkxQr_MHiDgMybCWi3BZv1mxXUe1lct4dQtv9edXHf92cnzsuDVx01fuKaGk73-m-kUDm51v8MJklZxtW3h2f_osjUSUsWvOecnUu0PPuvJpPvW4bjTUvx88KiOdxZS7hDAICiF8IKfci9PRFMIEQ-SU0O8X4KuZUuedcKyObVdg-fiHTh8aJjNwSwI2KedDiLwqK_90PANJzG-e-nu0n7UN01fK99pGY6wSexfV9Hib_OUHfC-1wN7D1GPcWk5wzvRFU7BPwE-Vw3sNvx4KFHtOOPDkB957Mq1TiQKr7oV8ViUn3bOqEOMLf_69pZtyDu5sGUsrOvVN3FhKiyZqpq-neH-2L5HFAn8enenS09efRm05bU6XsO-wzD3FXdbpf5VIPcPn1VyBFi8aM0uXMMQ4mOQkN05HchrnXN8DnTVOIuKSnmtplx2EHWTYr5cJsgcsYu7inxTnuLf2hmn-bj6BNXU0SCylOPIAB8sEPOMfKMz2-xzeqoibeqYo6U3jOeZ1JhoPC5KL502njkYOVzeLL_ptvHgHLRC4kcYDE16EE4xpBrZq4t4hIsntbLhViL34_8SHsPkgWE2h1TXWWM6Hn7KFvGlBKML3JxxnPM3MrPWajoq-yBDKV_g58k7ZZiaNKia59aQOvZ-iCAj06EL90p8mSNz0_aOqaGWyBsylVHUag0JTPnQ6piOc21BmWnXLxhtlZ91dvNYfwE1gHc1IK8OxgaCCL53EtftQ7GtjRlewu2kwY2eQ6DEi4\" class=\"x1i10hfl xjbqb8w x1ejq31n xd10rxx x1sy0etr x17r0tee x972fbf xcfux6l x1qhh985 xm0m39n x9f619 x1ypdohk xt0psk2 xe8uvvx xdj266r x11i5rnm xat24cr x1mh8g0r xexx8yu x4uap5 x18d9i69 xkhd6sd x16tdsg8 x1hl2dhg xggy1nq x1a2a7pz x1sur9pj xkrqix3 x1fey0fg x1s688f\" href=\"https:\/\/www.facebook.com\/hashtag\/funduszeeuropejskie?__eep__=6&amp;__cft__&#091;0&#093;=AZXsVslqlxD_aVDGzqaGdx2ZGX1yBYLhdONs11Og5Zs0T7hsl9adR-DMkknAGLDDor0_u_j0Gxqz8gxMn-fDwgrGfkV7ZSGhEzIr4zHy6_iQL0YA5MOSY1-K8fMtqTNGLSOdl-cBC105DMWBnbNey2gpemTtEHq6F7csi-hKn0hDMhSNJaSoFiyt7SthKtLHUro&amp;__tn__=*NK-R\" role=\"link\" tabindex=\"0\" target=\"_blank\" rel=\"noopener\">#FunduszeEuropejskie<\/a><\/p><\/div>\n\t\t\t<\/div>\n\t\t\t<\/div>\n\t\t\t\t\n\t\t\t\t\n\t\t\t\t\n\t\t\t\t\n\t\t\t<\/div>\n\t\t\t\t\n\t\t\t\t\n\t\t\t<\/div><\/p>\n","protected":false},"excerpt":{"rendered":"","protected":false},"author":1,"featured_media":0,"parent":0,"menu_order":0,"comment_status":"closed","ping_status":"closed","template":"","meta":{"_et_pb_use_builder":"on","_et_pb_old_content":"","_et_gb_content_width":"","footnotes":""},"class_list":["post-68417","page","type-page","status-publish","hentry"],"_links":{"self":[{"href":"https:\/\/www.weiland.webd.pl\/mechanik80\/wp-json\/wp\/v2\/pages\/68417","targetHints":{"allow":["GET"]}}],"collection":[{"href":"https:\/\/www.weiland.webd.pl\/mechanik80\/wp-json\/wp\/v2\/pages"}],"about":[{"href":"https:\/\/www.weiland.webd.pl\/mechanik80\/wp-json\/wp\/v2\/types\/page"}],"author":[{"embeddable":true,"href":"https:\/\/www.weiland.webd.pl\/mechanik80\/wp-json\/wp\/v2\/users\/1"}],"replies":[{"embeddable":true,"href":"https:\/\/www.weiland.webd.pl\/mechanik80\/wp-json\/wp\/v2\/comments?post=68417"}],"version-history":[{"count":6,"href":"https:\/\/www.weiland.webd.pl\/mechanik80\/wp-json\/wp\/v2\/pages\/68417\/revisions"}],"predecessor-version":[{"id":68426,"href":"https:\/\/www.weiland.webd.pl\/mechanik80\/wp-json\/wp\/v2\/pages\/68417\/revisions\/68426"}],"wp:attachment":[{"href":"https:\/\/www.weiland.webd.pl\/mechanik80\/wp-json\/wp\/v2\/media?parent=68417"}],"curies":[{"name":"wp","href":"https:\/\/api.w.org\/{rel}","templated":true}]}}